{"id":288,"date":"2022-09-20T11:05:32","date_gmt":"2022-09-20T11:05:32","guid":{"rendered":"https:\/\/opticabielsa.com\/?page_id=288"},"modified":"2022-12-15T16:06:15","modified_gmt":"2022-12-15T16:06:15","slug":"politica-de-privacitat","status":"publish","type":"page","link":"https:\/\/opticabielsa.com\/es\/politica-de-privacitat\/","title":{"rendered":"Politica de privacitat"},"content":{"rendered":"<style>.elementor-288 .elementor-element.elementor-element-78125317{text-align:center;}.elementor-288 .elementor-element.elementor-element-78125317 .elementor-heading-title{text-transform:none;}.elementor-288 .elementor-element.elementor-element-67539294{text-align:left;font-family:\"Arial\", Sans-serif;color:var( --e-global-color-secondary );}<\/style>\t\t<div data-elementor-type=\"wp-page\" data-elementor-id=\"288\" class=\"elementor elementor-288\" data-elementor-post-type=\"page\">\n\t\t\t\t\t\t<section class=\"elementor-section elementor-top-section elementor-element elementor-element-7097e766 elementor-section-boxed elementor-section-height-default elementor-section-height-default\" data-id=\"7097e766\" data-element_type=\"section\">\n\t\t\t\t\t\t<div class=\"elementor-container elementor-column-gap-default\">\n\t\t\t\t\t<div class=\"elementor-column elementor-col-100 elementor-top-column elementor-element elementor-element-369abd98\" data-id=\"369abd98\" data-element_type=\"column\">\n\t\t\t<div class=\"elementor-widget-wrap elementor-element-populated\">\n\t\t\t\t\t\t<div class=\"elementor-element elementor-element-78125317 elementor-widget elementor-widget-heading\" data-id=\"78125317\" data-element_type=\"widget\" data-widget_type=\"heading.default\">\n\t\t\t\t<div class=\"elementor-widget-container\">\n\t\t\t\t\t<h2 class=\"elementor-heading-title elementor-size-default\">Politica de privacitat\n<\/h2>\t\t\t\t<\/div>\n\t\t\t\t<\/div>\n\t\t\t\t\t<\/div>\n\t\t<\/div>\n\t\t\t\t\t<\/div>\n\t\t<\/section>\n\t\t\t\t<section class=\"elementor-section elementor-top-section elementor-element elementor-element-1819eabc elementor-section-boxed elementor-section-height-default elementor-section-height-default\" data-id=\"1819eabc\" data-element_type=\"section\">\n\t\t\t\t\t\t<div class=\"elementor-container elementor-column-gap-default\">\n\t\t\t\t\t<div class=\"elementor-column elementor-col-100 elementor-top-column elementor-element elementor-element-1bdafdcb\" data-id=\"1bdafdcb\" data-element_type=\"column\">\n\t\t\t<div class=\"elementor-widget-wrap elementor-element-populated\">\n\t\t\t\t\t\t<div class=\"elementor-element elementor-element-67539294 elementor-widget elementor-widget-text-editor\" data-id=\"67539294\" data-element_type=\"widget\" data-widget_type=\"text-editor.default\">\n\t\t\t\t<div class=\"elementor-widget-container\">\n\t\t\t\t\t\t\t\t\t<p><strong>Bielsa \u00d2ptics<\/strong><\/p><p>D\u2019acord amb la Llei Org\u00e0nica 3\/2018 LOPD-GDD i amb el Reglament Europeu RGPD de Protecci\u00f3 de Dades personals, hem actualitzat la nostra Pol\u00edtica de Privacitat.\u00a0En aquest web es respecten i cuiden les dades personals dels usuaris.\u00a0Com a usuari has de saber que els teus drets estan garantits.<\/p><p>Cal advertir que aquesta pol\u00edtica de privacitat podria variar en funci\u00f3 d\u2019exig\u00e8ncies legislatives o d\u2019autoregulaci\u00f3, per la qual cosa s\u2019aconsella als usuaris que la visitin peri\u00f2dicament.\u00a0\u00c9s aplicable en cas que els usuaris decideixin emplenar algun formulari de qualsevol dels seus formularis de contacte que es demanen dades de car\u00e0cter personal.<\/p><p>Bielsa \u00d2ptics ha adequat aquesta web a les exig\u00e8ncies de la Llei Org\u00e0nica 3\/2018 LOPD-GDD i a l\u2019Reglament (UE) 2016\/679 de el Parlament Europeu i de Consell de 27 d\u2019abril de 2016 relatiu a la protecci\u00f3 de les persones f\u00edsiques RGPD , aix\u00ed com amb la Llei 34\/2002 de 11 de juliol, de Serveis de la Societat de la Informaci\u00f3 i Comer\u00e7 Electr\u00f2nic LSSICE.<\/p><p><strong>Responsable de l\u2019\u00a0<\/strong><strong>tractament de les teves dades personals<\/strong><\/p><ul><li><strong>Identitat de l\u2019Responsable:<\/strong> <span style=\"font-weight: 400;\">Alfonso Bielsa Elies<\/span><\/li><li><strong>CIF:<\/strong> <span style=\"font-weight: 400;\">35026876S<\/span><\/li><li><strong>Correu electr\u00f2nic:<\/strong> <a href=\"mailto:opticabielsa@gmail.com\">opticabielsa@gmail.com<\/a><\/li><li><strong>Direcci\u00f3:<\/strong>\u00a0\u00a0Carrer de Cal\u00e0bria, 52 08015 Barcelona<\/li><li><strong>Web:<\/strong>\u00a0<a href=\"https:\/\/opticabielsa.com\/es\/\">www.opticabielsa.com<\/a><\/li><li><strong>Tel\u00e9fono<\/strong>: 933 25 57 60<\/li><\/ul><div>\u00a0<\/div><p>A l\u2019efecte del que preveu el Reglament General de Protecci\u00f3 de Dades abans esmentat, les dades personals que ens envi\u00efs a trav\u00e9s dels formularis del web, rebran el tractament de dades de \u201cUsuaris de la web i subscriptors\u201d.\u00a0Per al tractament de dades dels usuaris, implementem totes les mesures t\u00e8cniques i organitzatives de seguretat establertes en la legislaci\u00f3 vigent.<\/p><p><strong>Principis que aplicarem a la teva informaci\u00f3<\/strong><\/p><p>En el tractament de les teves dades personals, aplicarem els seg\u00fcents principis que s\u2019ajusten a les exig\u00e8ncies de el nou reglament europeu de protecci\u00f3 de dades:<\/p><ul><li><strong>Principi de licitud, lleialtat i transpar\u00e8ncia<\/strong>\u00a0: sempre anem a requerir el seu consentiment per al tractament de les teves dades personals per a un o diversos fins espec\u00edfics que et informarem pr\u00e8viament amb absoluta transpar\u00e8ncia.<\/li><\/ul><ul><li><strong>Principi de minimitzaci\u00f3 de dades<\/strong>\u00a0: nom\u00e9s demanarem dades estrictament necess\u00e0ries en relaci\u00f3 amb els fins per als quals els requerim.<\/li><\/ul><ul><li><strong>Principi de limitaci\u00f3 de l\u2019termini de conservaci\u00f3<\/strong>\u00a0: les dades seran mantinguts durant no m\u00e9s temps de l\u2019necessari per als fins de l\u2019tractament, en funci\u00f3 a la finalitat, t\u2019informarem de l\u2019termini de conservaci\u00f3 corresponent, en el cas de subscripcions, peri\u00f2dicament revisem les nostres llistes i eliminem aquells registres inactius durant un temps considerable.<\/li><\/ul><ul><li><strong>Principi d\u2019integritat i confidencialitat:<\/strong>\u00a0les teves dades seran tractades de tal manera que es garanteixi una seguretat adequada de les dades personals i es garanteixi confidencialitat.\u00a0Prenem totes les precaucions necess\u00e0ries per evitar l\u2019acc\u00e9s no autoritzat o \u00fas indegut de les dades dels nostres usuaris per part de tercers.<\/li><\/ul><div>\u00a0<\/div><p><strong>\u00a0<\/strong><strong style=\"color: var( --e-global-color-secondary ); font-size: var( --e-global-typography-text-font-size );\">Com hem obtingut les dades?<\/strong><\/p><p><strong>\u00a0<\/strong>Les dades personals que tractem procedeixen de:<\/p><ul><li>formularis<\/li><li>inscripcions<\/li><li>tel\u00e8fon<\/li><li>projectes<\/li><li>organitzaci\u00f3 Esdeveniments<\/li><li>visites<\/li><\/ul><div>\u00a0<\/div><p><strong>Quins s\u00f3n els teus drets quan ens facilites les teves dades?<\/strong><\/p><p>Els interessats tenen dret a:<\/p><ul><li>Sol\u00b7licitar l\u2019acc\u00e9s a les dades personals relatives a l\u2019interessat<\/li><li>Sol\u00b7licitar la seva rectificaci\u00f3<\/li><li>Sol\u00b7licitar la baixa de la nostra base de dades<\/li><li>Sol\u00b7licitar la limitaci\u00f3 del seu tractament<\/li><li>Oposar-se a el tractament<\/li><\/ul><div>\u00a0<\/div><p>Els interessats podran accedir a les seves dades personals, aix\u00ed com a sol\u00b7licitar la rectificaci\u00f3 de les dades inexactes o, si escau, sol\u00b7licitar la seva eliminaci\u00f3 quan, entre d\u2019altres motius, les dades ja no siguin necessaris per als fins que van ser recollides. En determinades circumst\u00e0ncies, els interessats podran sol\u00b7licitar la limitaci\u00f3 de l\u2019tractament de les seves dades, en aquest cas \u00fanicament els conservarem per a l\u2019exercici o la defensa de reclamacions. En determinades circumst\u00e0ncies i per motius relacionats amb la seva situaci\u00f3 particular, els interessats podran oposar-se a el tractament de les seves dades. Bielsa Optics dejar\u00e1 de tractar les dades, excepte per motius leg\u00edtims imperiosos, o l\u2019exercici o la defensa de possibles reclamacions. Com interessat, tens dret a rebre les dades personals que et incumbeixin,que ens hagis facilitat i en un format estructurat, d\u2019\u00fas com\u00fa i lectura mec\u00e0nica, i transmetre\u2019ls a un altre responsable de l\u2019tractament quan:<\/p><ul><li>El tractament estigui basat en el consentiment<\/li><li>Les dades hagin estat facilitades per l\u2019interessat.<\/li><li>El tractament s\u2019efectu\u00ef per mitjans automatitzats.<\/li><\/ul><div>\u00a0<\/div><p>Els interessats tamb\u00e9 tindran dret a la tutela judicial efectiva ia presentar una reclamaci\u00f3 davant l\u2019autoritat de control, en aquest cas, l\u2019Ag\u00e8ncia Espanyola de Protecci\u00f3 de Dades, si consideren que el tractament de dades personals que el concerneixen infringeix el Reglament.<\/p><p><strong>Amb quina finalitat tractem les teves dades personals?<\/strong><br \/>Les seves dades personals nom\u00e9s s\u2019utilitzaran per a les seg\u00fcents finalitats:<\/p><ul><li>Realitzar les gestions comercials i administratives necess\u00e0ries amb els usuaris del web.<\/li><li>Enviar les comunicacions comercials publicit\u00e0ries per e-mail, fax, SMS, MMS, comunitats socials o qualsevol altre mitj\u00e0 electr\u00f2nic o f\u00edsic, en cas que l\u2019Usuari hagi consentit expressament l\u2019enviament de comunicacions comercials per via electr\u00f2nica mitjan\u00e7ant la subscripci\u00f3 de la newsletter.<\/li><li>Respondre a les consultes i \/ o proporcionar informacions requerides per l\u2019Usuari;<\/li><li>Realitzar les prestacions de serveis o productes contractats o subscrits per l\u2019Usuari<\/li><li>Utilitzar les seves dades per a contactar-nos, tant per via electr\u00f2nica com per electr\u00f2nica, per obtenir la seva opini\u00f3 sobre el servei prestat.<\/li><li>Notificar canvis, desenvolupaments importants de la pol\u00edtica de privacitat, av\u00eds legal o pol\u00edtica de cookies.<\/li><li>Les dades de clients i \/ o prove\u00efdors seran tractats, dins de la relaci\u00f3 contractual que els vincula amb el responsable, en compliment de les obligacions administratives, fiscals, comptables i laborals que siguin necess\u00e0ries en virtut de la legislaci\u00f3 vigent.<\/li><\/ul><div>\u00a0<\/div><p>Pot revocar en qualsevol moment el seu consentiment remetent un escrit amb l\u2019assumpte \u201cBaixa\u201d a info@bielsaoptics.es.<\/p><p>D\u2019acord amb la LSSICE, Bielsa Optics no realitza pr\u00e0ctiques de SPAM, per tant, no envia correus comercials per e-mail que no hagin estat pr\u00e8viament sol\u00b7licitats o autoritzats per l\u2019Usuari. En conseq\u00fc\u00e8ncia, en totes les comunicacions que rebr\u00e0 de prestador, l\u2019usuari t\u00e9 la possibilitat de cancel\u00b7lar el seu consentiment expr\u00e9s per rebre les nostres comunicacions.<\/p><p>No tractarem les seves dades personals per a cap altra finalitat de les descrites excepte per obligaci\u00f3 legal o requeriment judicial.<\/p><p>D\u2019acord amb el que estableix la Llei Org\u00e0nica 3\/2018 (LOPD-GDD) i el Reglament General de protecci\u00f3 de dades europeu (RGPD) 2016\/679, Bielsa Optics ser\u00e0 responsable de l\u2019tractament de les dades corresponents a Usuaris de la web i subscriptors. Bielsa Optics no ven, lloga o cedeix dades de car\u00e0cter personal que puguin identificar l\u2019usuari, ni ho far\u00e0 en el futur, a tercers sense el consentiment previ. Sempre es realitzar\u00e0 amb els m\u00e9s estrictes est\u00e0ndards de seguretat.<\/p><p><strong>Enviar un missatge de correu electr\u00f2nic a efectes de contacte<\/strong><\/p><p>Un cas especial de tractament de dades a Bielsa Optics, es refereix als missatges de correu electr\u00f2nic que els usuaris envien per contactar amb la nostra empresa per realitzar preguntes sobre els nostres productes. Encara que existeix un formulari de captaci\u00f3 de dades, a efectes de contacte, els usuaris poden tamb\u00e9 enviar missatges de correu electr\u00f2nic. Amb aquesta finalitat, Bielsa Optics emplea el sistema de correu electr\u00f2nic Gmail (Google). Els missatges dels usuaris amb aquest prop\u00f2sit queden emmagatzemats en el compte de Gmail de Bielsa Optics i les dades corresponents (email i nom) sota la pol\u00edtica de privacitat de Google. Les dades emmagatzemades en el compte de Gmail ni se cedeixen ni es comparteixen amb ning\u00fa; i pots exercir els teus drets legals, segons s\u2019especifica en aquesta pol\u00edtica de privacitat.<\/p><p><strong>Legitimaci\u00f3 per al tractament de les teves dades<\/strong><\/p><p>La base legal per al tractament de les dades \u00e9s el seu consentiment atorgat per a dur a terme les finalitats anteriorment descrites, que es sol\u00b7licitar\u00e0 en el moment de marcatge de la casella corresponent a l\u2019hora de recollir les seves dades.<\/p><p>El no facilitar les dades personals sol\u00b7licitades o el no acceptar la present pol\u00edtica de protecci\u00f3 de dades suposa la impossibilitat de subscriure, registrar o rebre informaci\u00f3 dels productes i serveis de l\u2019prestador.<\/p><p>Per contactar o enviar formularis en aquesta web es requereix el consentiment d\u2019aquesta Pol\u00edtica de privacitat.\u00a0L\u2019oferta prospectiva o comercial de productes i serveis est\u00e0 basada en el consentiment que se li demana.<\/p><p>En els casos en qu\u00e8 hi hagi una pr\u00e8via relaci\u00f3 contractual entre les parts, la legitimaci\u00f3 per al desenvolupament de les obligacions administratives, fiscals, comptables i laborals que siguin necess\u00e0ries en virtut de la legislaci\u00f3 vigent ser\u00e0 l\u2019exist\u00e8ncia pr\u00e8via de la relaci\u00f3 comercial establerta entre les parts .\u00a0En els casos en qu\u00e8 hi hagi una pr\u00e8via relaci\u00f3 contractual entre les parts, la legitimaci\u00f3 per al desenvolupament de les obligacions administratives, fiscals, comptables i laborals que siguin necess\u00e0ries en virtut de la legislaci\u00f3 vigent ser\u00e0 l\u2019exist\u00e8ncia pr\u00e8via de la relaci\u00f3 comercial establerta entre les parts .<\/p><p><strong style=\"color: var( --e-global-color-secondary ); font-size: var( --e-global-typography-text-font-size );\">Categoria de les dades<\/strong><\/p><p>Les categories de dades que es tracten s\u00f3n dades identificatives.\u00a0Es tracten categories de dades especialment protegides.<\/p><p><strong>Per quant de temps conservarem les teves dades?<\/strong><\/p><p><strong style=\"color: var( --e-global-color-secondary ); font-size: var( --e-global-typography-text-font-size );\">Les dades personals proporcionades es conservaran:<\/strong><\/p><p>Fins que no se sol\u00b7liciti la seva baixa per l\u2019interessat.<\/p><p><strong style=\"color: var( --e-global-color-secondary ); font-size: var( --e-global-typography-text-font-size );\">A qu\u00e8 destinataris es comunicaran les seves dades?<\/strong><\/p><p>Moltes eines que fem servir per gestionar les teves dades s\u00f3n contractades per tercers.\u00a0Per prestar serveis estrictament necessaris per al desenvolupament de l\u2019activitat, www.opticabielsa.com, comparteix dades amb els seg\u00fcents prestadors sota les seves corresponents condicions de privacitat:<\/p><p><strong>Google Analytics<\/strong> : un servei anal\u00edtic de web prestat per Google, Inc., una companyia de Delaware l\u2019oficina principal a 1600 Amphitheatre Parkway, Mountain View (Calif\u00f2rnia), CA 94043, Estats Units ( \u201cGoogle\u201d). Google Analytics utilitza \u201ccookies\u201d, que s\u00f3n arxius de text ubicats al teu ordinador, per ajudar a Bielsa Optics a analitzar l\u2019\u00fas que fan els usuaris del lloc web. La informaci\u00f3 que genera la cookie sobre el seu \u00fas de www.opticabielsa.com ser\u00e0 directament transmesa i arxivada per Google en els servidors d\u2019Estats Units. L\u2019adre\u00e7a IP \u00e9s anonimitzada, pel que no ser\u00e0 recopilada per Google.<\/p><p><strong>Gmail.\u00a0<\/strong>En aquest servei s\u2019emmagatzemen els missatges enviats pels usuaris a efectes de contacte.<\/p><p><strong>navegaci\u00f3<\/strong><\/p><p><strong>\u00a0<\/strong><\/p><p>A l\u2019navegar per www.opticabielsa.com es poden recollir dades no identificables, que poden incloure, adreces IP, ubicaci\u00f3 geogr\u00e0fica (aproximadament), un registre de com s\u2019utilitzen els serveis i llocs, i altres dades que no poden ser utilitzats per identificar el usuari. Entre les dades no identificatives estan tamb\u00e9 els relacionats als teus h\u00e0bits de navegaci\u00f3 a trav\u00e9s de serveis de tercers.<\/p><p><strong>Aquesta web utilitza els seg\u00fcents serveis d\u2019an\u00e0lisi de tercers:<\/strong><\/p><p><strong>\u00a0<\/strong><\/p><ul><li><strong>Google Analytics<\/strong><\/li><\/ul><p><strong>\u00a0<\/strong><\/p><p>Utilitzem aquesta informaci\u00f3 per analitzar tend\u00e8ncies, administrar el lloc, rastrejar els moviments dels usuaris al voltant de el lloc i per recopilar informaci\u00f3 demogr\u00e0fica sobre la nostra base d\u2019usuaris en el seu conjunt.<\/p><p><strong>\u00a0<\/strong><\/p><p><strong>Secret i seguretat de les dades<\/strong><\/p><p><strong>\u00a0<\/strong><\/p><p>www.opticabielsa.com es compromet a l\u2019\u00fas i tractament de les dades incloses personals dels usuaris, respectant la seva confidencialitat ia utilitzar-los d\u2019acord amb la finalitat del mateix, aix\u00ed com a donar compliment a la seva obligaci\u00f3 de guardar i adaptar totes les mesures per evitar l\u2019alteraci\u00f3, p\u00e8rdua, tractament o acc\u00e9s no autoritzat, de conformitat amb el que estableix la normativa vigent de protecci\u00f3 de dades.<\/p><p>www.opticabielsa.com no pot garantir l\u2019absoluta inexpugnabilitat de la xarxa Internet i per tant la violaci\u00f3 de les dades mitjan\u00e7ant accessos fraudulents a ells per part de tercers.<\/p><p><strong>\u00a0<\/strong><\/p><p>Pel que fa a la confidencialitat de el processament, Bielsa Optics debe assegurar-se que qualsevol persona que estigui autoritzada per nosaltres per processar les dades de client (incl\u00f2s el seu personal, col\u00b7laboradors i prestadors), estar\u00e0 sota l\u2019obligaci\u00f3 apropiada de confidencialitat (ja sigui un deure contractual o legal).<\/p><p>Quan es presenti algun incident de seguretat, a l\u2019adonar-se Bielsa Optics, ha de notificar a l\u2019Client sense demores indegudes i ha de proporcionar informaci\u00f3 oportuna relacionada amb l\u2019Incident de Seguretat tal com es conegui o quan el Client ho sol\u00b7liciti raonablement.<\/p><p><strong>Exactitud i veracitat de les dades<\/strong><\/p><p><span style=\"color: var( --e-global-color-secondary ); font-size: var( --e-global-typography-text-font-size ); font-weight: var( --e-global-typography-text-font-weight );\">Com a usuari, ets l\u2019\u00fanic responsable de la veracitat i correcci\u00f3 de les dades que facis arribar a www.opticabielsa.com exonerant a Bielsa Optics, de qualsevol responsabilitat a l\u2019respecte.<\/span><\/p><p>Els usuaris garanteixen i responen, en qualsevol cas, de l\u2019exactitud, vig\u00e8ncia i autenticitat de les dades personals facilitades, i es comprometen a mantenir-les degudament actualitzades.\u00a0L\u2019usuari accepta proporcionar informaci\u00f3 completa i correcta en el formulari de contacte o de Cursos i Esdeveniments.<\/p><p><strong style=\"color: var( --e-global-color-secondary ); font-size: var( --e-global-typography-text-font-size );\">Acceptaci\u00f3 i consentiment<\/strong><\/p><p><span style=\"color: var( --e-global-color-secondary ); font-size: var( --e-global-typography-text-font-size ); font-weight: var( --e-global-typography-text-font-weight );\">L\u2019usuari declara haver estat informat de les condicions sobre protecci\u00f3 de dades de car\u00e0cter personal, acceptant i consentint el tractament dels mateixos per part de Bielsa Optics en la forma i per a les finalitats indicades en aquesta pol\u00edtica de privacitat.<\/span><\/p><p><strong>Revocabilitat<\/strong><\/p><p>El consentiment prestat, tant pel tractament com per a la cessi\u00f3 de les dades dels interessats, \u00e9s revocable en qualsevol moment comunicant-ho a Bielsa Optics en els termes que estableix aquesta Pol\u00edtica per a l\u2019exercici dels drets ARCO i els establerts en les diferents normatives vigents. Aquesta revocaci\u00f3 en cap cas tindr\u00e0 car\u00e0cter retroactiu.<\/p><p><strong>Canvis en la pol\u00edtica de privacitat<\/strong><\/p><p>Bielsa Optics se reserva el dret a modificar la present pol\u00edtica per adaptar-la a novetats legislatives o jurisprudencials, aix\u00ed com a pr\u00e0ctiques de la ind\u00fastria. En aquests sup\u00f2sits, Bielsa Optics anunciar\u00e1 en aquesta p\u00e0gina els canvis introdu\u00efts amb raonable antelaci\u00f3 a la seva posada en pr\u00e0ctica.<\/p><p><strong>Correus Comercials<\/strong><\/p><p>D\u2019acord amb la LSSICE, www.opticabielsa.com no realitza pr\u00e0ctiques de SPAM, pel que no envia correus comercials per via electr\u00f2nica que no hagin estat pr\u00e8viament sol\u00b7licitats o autoritzats per l\u2019usuari.<\/p><p>D\u2019acord amb el que disposa la Llei 34\/2002 de Serveis de la Societat de la Informaci\u00f3 i de comer\u00e7 electr\u00f2nic, www.opticabielsa.com es compromet a no enviar comunicacions de car\u00e0cter comercial sense identificar-les degudament <strong>.<\/strong><\/p><p><strong>Mitjans Oficials de Comunicaci\u00f3<\/strong><\/p><p>S\u2019informa l\u2019usuari que els mitjans habilitats per l\u2019empresa per comunicar-se amb clients i altres afectats \u00e9s el tel\u00e8fon corporatiu, els tel\u00e8fons m\u00f2bils d\u2019empresa i el correu electr\u00f2nic corporatiu.<\/p><p>Si vost\u00e8 envia informaci\u00f3 personal a trav\u00e9s un mitj\u00e0 de comunicaci\u00f3 diferent als indicats en aquest apartat, Bielsa Optics queda exempta de responsabilitat en relaci\u00f3 amb les mesures de seguretat que disposi el mitj\u00e0 en q\u00fcesti\u00f3.<\/p><p><strong>Destinataris de Cessions o Transfer\u00e8ncies<\/strong><\/p><p>Bielsa Optics no porta a terme cap cessi\u00f3 o comunicaci\u00f3 de dades llevat que hi hagi necessitat raonable per complir amb un procediment judicial, obligaci\u00f3 legal o pr\u00e8via obtenci\u00f3 de l\u2019consentiment de l\u2019usuari.<\/p><p>Tampoc es realitzaran transfer\u00e8ncies internacionals de les seves dades de car\u00e0cter personal sense el seu consentiment previ sense perjudici de poder bloquejar o cancel\u00b7lar el seu compte si pot haver-hi indicis de la comissi\u00f3 d\u2019algun delicte per part de l\u2019usuari.\u00a0La informaci\u00f3 facilitada ser\u00e0 nom\u00e9s la que disposi en aquell moment el prestador.<\/p><p>Bielsa Optics no cedir\u00e0 les dades recollides a tercers tret que hi hagi necessitat raonable per complir amb un procediment judicial, obligaci\u00f3 legal o pr\u00e8via obtenci\u00f3 de l\u2019consentiment de l\u2019usuari.<\/p><p><strong>Llengua<\/strong><\/p><p>L\u2019idioma aplicable a aquesta pol\u00edtica de privacitat \u00e9s el catal\u00e0.\u00a0Per tant, en cas que hi hagu\u00e9s alguna contradicci\u00f3 en alguna de les versions facilitades en altres idiomes, prevaldr\u00e0 la versi\u00f3 en catal\u00e0.<\/p><p><strong>Legislaci\u00f3<\/strong><\/p><p>Amb car\u00e0cter general les relacions entre Bielsa Optics con els Usuaris dels seus serveis telem\u00e0tics, presents en aquesta web, estan sotmesos a la legislaci\u00f3 i jurisdicci\u00f3 espanyola a la qual se sotmeten expressament les parts, sent competents per a la resoluci\u00f3 de tots els conflictes derivats o relacionats amb el seu \u00fas els Jutjats i Tribunals de Barcelona <strong>.<\/strong><strong>\u00a0\u00a0\u00a0\u00a0\u00a0\u00a0\u00a0\u00a0\u00a0\u00a0\u00a0\u00a0\u00a0\u00a0\u00a0\u00a0\u00a0\u00a0\u00a0\u00a0\u00a0\u00a0\u00a0\u00a0\u00a0<\/strong><\/p><p><strong>Propietat intel\u00b7lectual i industrial\u00a0<\/strong><\/p><p>Bielsa Optics por si mateixa o com a cession\u00e0ria, \u00e9s titular de tots els drets de propietat intel\u00b7lectual i industrial de la seva p\u00e0gina web, aix\u00ed com dels elements continguts en la mateixa (a t\u00edtol enunciatiu, imatges, so, \u00e0udio, v\u00eddeo, programari o textos ; marques o logotips, combinacions de colors, estructura i disseny, selecci\u00f3 de materials usats, programes d\u2019ordinador necessaris per al seu funcionament, acc\u00e9s i \u00fas, etc.), titularitat de Bielsa Optics ser\u00e1n, per tant, obres protegides com a propietat intel\u00b7lectual per l\u2019 ordenament jur\u00eddic espanyol, ser\u00e0 d\u2019aplicaci\u00f3 tant la normativa espanyola i comunit\u00e0ria en aquest camp, com els tractats internacionals relatius a la mat\u00e8ria i subscrits per Espanya.<\/p><p>Tots els drets reservats. En virtut del que disposa la Llei de Propietat Intel\u00b7lectual, queden expressament prohibides la reproducci\u00f3, la distribuci\u00f3 i la comunicaci\u00f3 p\u00fablica, inclosa la seva modalitat de posada a disposici\u00f3, de la totalitat o part dels continguts d\u2019aquesta p\u00e0gina web, amb fins comercials, en qualsevol suport i per qualsevol mitj\u00e0 t\u00e8cnic, sense l\u2019autoritzaci\u00f3 de Bielsa Optics.<\/p><p>L\u2019usuari es compromet a respectar els drets de Propietat Intel\u00b7lectual i Industrial titularitat de Bielsa Optics. Podr\u00e0 visualitzar els elements de el portal i fins i tot imprimir-los, copiar-los i emmagatzemar-los al disc dur del seu ordinador o en qualsevol altre suport f\u00edsic sempre que sigui, \u00fanica i exclusivament, per al seu \u00fas personal i privat. L\u2019usuari haur\u00e0 d\u2019abstenir-se de suprimir, alterar, eludir o manipular qualsevol dispositiu de protecci\u00f3 o sistema de seguretat que estigu\u00e9s instal\u00b7lat a les p\u00e0gines de Bielsa Optics.<\/p>\t\t\t\t\t\t\t\t<\/div>\n\t\t\t\t<\/div>\n\t\t\t\t\t<\/div>\n\t\t<\/div>\n\t\t\t\t\t<\/div>\n\t\t<\/section>\n\t\t\t\t<\/div>","protected":false},"excerpt":{"rendered":"<p>Politica de privacitat Bielsa \u00d2ptics D\u2019acord amb la Llei Org\u00e0nica 3\/2018 LOPD-GDD i amb el Reglament Europeu RGPD de Protecci\u00f3 de Dades personals, hem actualitzat la nostra Pol\u00edtica de Privacitat.\u00a0En aquest web es respecten i cuiden les dades personals dels usuaris.\u00a0Com a usuari has de saber que els teus drets estan garantits. Cal advertir que [&hellip;]<\/p>","protected":false},"author":4,"featured_media":0,"parent":0,"menu_order":0,"comment_status":"closed","ping_status":"closed","template":"elementor_header_footer","meta":{"footnotes":""},"class_list":["post-288","page","type-page","status-publish","hentry"],"_links":{"self":[{"href":"https:\/\/opticabielsa.com\/es\/wp-json\/wp\/v2\/pages\/288","targetHints":{"allow":["GET"]}}],"collection":[{"href":"https:\/\/opticabielsa.com\/es\/wp-json\/wp\/v2\/pages"}],"about":[{"href":"https:\/\/opticabielsa.com\/es\/wp-json\/wp\/v2\/types\/page"}],"author":[{"embeddable":true,"href":"https:\/\/opticabielsa.com\/es\/wp-json\/wp\/v2\/users\/4"}],"replies":[{"embeddable":true,"href":"https:\/\/opticabielsa.com\/es\/wp-json\/wp\/v2\/comments?post=288"}],"version-history":[{"count":10,"href":"https:\/\/opticabielsa.com\/es\/wp-json\/wp\/v2\/pages\/288\/revisions"}],"predecessor-version":[{"id":351,"href":"https:\/\/opticabielsa.com\/es\/wp-json\/wp\/v2\/pages\/288\/revisions\/351"}],"wp:attachment":[{"href":"https:\/\/opticabielsa.com\/es\/wp-json\/wp\/v2\/media?parent=288"}],"curies":[{"name":"wp","href":"https:\/\/api.w.org\/{rel}","templated":true}]}}